{"id":250,"date":"2020-10-17T13:25:39","date_gmt":"2020-10-17T16:25:39","guid":{"rendered":"https:\/\/quadrinhosdahora.com.br\/?page_id=250"},"modified":"2020-11-22T15:05:55","modified_gmt":"2020-11-22T17:05:55","slug":"vanio-o-vampiro-de-aparelho","status":"publish","type":"page","link":"https:\/\/quadrinhosdahora.com.br\/?page_id=250","title":{"rendered":"V\u00e2nio &#8211; o vampiro de aparelho"},"content":{"rendered":"\n<h5 class=\"wp-block-heading\"><strong>Lula Moura (roteiro, dire\u00e7\u00e3o e produ\u00e7\u00e3o)  &amp;  C\u00edcero de Souza (desenho)<\/strong><\/h5>\n\n\n\n<h5 class=\"wp-block-heading\">Epis\u00f3dios&#8230;<\/h5>\n\n\n\n<div class=\"wp-block-columns is-layout-flex wp-container-core-columns-is-layout-1 wp-block-columns-is-layout-flex\">\n<div class=\"wp-block-column is-layout-flow wp-block-column-is-layout-flow\">\n<figure class=\"wp-block-image size-large is-resized is-style-default\"><a href=\"https:\/\/quadrinhosdahora.com.br\/vanio-o-vampiro-de-aparelho-episodio-1\/\"><img loading=\"lazy\" decoding=\"async\" src=\"http:\/\/quadrinhosdahora.com.br\/wp-content\/uploads\/2020\/10\/AHQ-0002-0001-01-724x1024.jpeg\" alt=\"\" class=\"wp-image-295\" width=\"188\" height=\"266\" srcset=\"https:\/\/quadrinhosdahora.com.br\/wp-content\/uploads\/2020\/10\/AHQ-0002-0001-01-724x1024.jpeg 724w, https:\/\/quadrinhosdahora.com.br\/wp-content\/uploads\/2020\/10\/AHQ-0002-0001-01-212x300.jpeg 212w, https:\/\/quadrinhosdahora.com.br\/wp-content\/uploads\/2020\/10\/AHQ-0002-0001-01-768x1086.jpeg 768w, https:\/\/quadrinhosdahora.com.br\/wp-content\/uploads\/2020\/10\/AHQ-0002-0001-01-1086x1536.jpeg 1086w, https:\/\/quadrinhosdahora.com.br\/wp-content\/uploads\/2020\/10\/AHQ-0002-0001-01.jpeg 1131w\" sizes=\"(max-width: 188px) 100vw, 188px\" \/><\/a><figcaption><a href=\"https:\/\/quadrinhosdahora.com.br\/vanio-o-vampiro-de-aparelho-episodio-1\/\">Epis\u00f3dio 0001 &#8211; V\u00e2nio vai ao dentista&#8230;<\/a><\/figcaption><\/figure>\n<\/div>\n\n\n\n<div class=\"wp-block-column is-layout-flow wp-block-column-is-layout-flow\">\n<figure class=\"wp-block-image size-large is-resized is-style-default\"><a href=\"https:\/\/quadrinhosdahora.com.br\/vanio-o-vampiro-de-aparelho-episodio-2\/\"><img loading=\"lazy\" decoding=\"async\" src=\"http:\/\/quadrinhosdahora.com.br\/wp-content\/uploads\/2020\/10\/HQ-01-002-0002-01-724x1024.jpeg\" alt=\"\" class=\"wp-image-331\" width=\"188\" height=\"265\" srcset=\"https:\/\/quadrinhosdahora.com.br\/wp-content\/uploads\/2020\/10\/HQ-01-002-0002-01-724x1024.jpeg 724w, https:\/\/quadrinhosdahora.com.br\/wp-content\/uploads\/2020\/10\/HQ-01-002-0002-01-212x300.jpeg 212w, https:\/\/quadrinhosdahora.com.br\/wp-content\/uploads\/2020\/10\/HQ-01-002-0002-01-768x1086.jpeg 768w, https:\/\/quadrinhosdahora.com.br\/wp-content\/uploads\/2020\/10\/HQ-01-002-0002-01-1086x1536.jpeg 1086w, https:\/\/quadrinhosdahora.com.br\/wp-content\/uploads\/2020\/10\/HQ-01-002-0002-01.jpeg 1131w\" sizes=\"(max-width: 188px) 100vw, 188px\" \/><\/a><figcaption><a href=\"https:\/\/quadrinhosdahora.com.br\/vanio-o-vampiro-de-aparelho-episodio-2\/\">Epis\u00f3dio 0002 &#8211; Ca\u00e7ando, em tempos de Pandemia.<\/a><\/figcaption><\/figure>\n<\/div>\n\n\n\n<div class=\"wp-block-column is-layout-flow wp-block-column-is-layout-flow\">\n<figure class=\"wp-block-image size-large is-resized is-style-default\"><a href=\"https:\/\/quadrinhosdahora.com.br\/vanio-o-vampiro-de-aparelho-hq-3\/\"><img loading=\"lazy\" decoding=\"async\" src=\"http:\/\/quadrinhosdahora.com.br\/wp-content\/uploads\/2020\/11\/HQ-01-002-0003-01.png\" alt=\"\" class=\"wp-image-425\" width=\"211\" height=\"263\" srcset=\"https:\/\/quadrinhosdahora.com.br\/wp-content\/uploads\/2020\/11\/HQ-01-002-0003-01.png 600w, https:\/\/quadrinhosdahora.com.br\/wp-content\/uploads\/2020\/11\/HQ-01-002-0003-01-240x300.png 240w\" sizes=\"(max-width: 211px) 100vw, 211px\" \/><\/a><figcaption><a href=\"https:\/\/quadrinhosdahora.com.br\/vanio-o-vampiro-de-aparelho-episodio-3\/\">Epis\u00f3dio 0003 &#8211; A coach de V\u00e2nio.<\/a><\/figcaption><\/figure>\n<\/div>\n<\/div>\n\n\n\n<p><\/p>\n\n\n\n<div class=\"wp-block-columns is-layout-flex wp-container-core-columns-is-layout-2 wp-block-columns-is-layout-flex\">\n<div class=\"wp-block-column is-layout-flow wp-block-column-is-layout-flow\">\n<figure class=\"wp-block-image size-large is-style-default\"><a href=\"https:\/\/quadrinhosdahora.com.br\/vanio-o-vampiro-de-aparelho-hq-4\/\"><img loading=\"lazy\" decoding=\"async\" width=\"600\" height=\"750\" src=\"http:\/\/quadrinhosdahora.com.br\/wp-content\/uploads\/2020\/11\/HQ-01-002-0004-01.png\" alt=\"\" class=\"wp-image-436\" srcset=\"https:\/\/quadrinhosdahora.com.br\/wp-content\/uploads\/2020\/11\/HQ-01-002-0004-01.png 600w, https:\/\/quadrinhosdahora.com.br\/wp-content\/uploads\/2020\/11\/HQ-01-002-0004-01-240x300.png 240w\" sizes=\"(max-width: 600px) 100vw, 600px\" \/><\/a><figcaption><a href=\"https:\/\/quadrinhosdahora.com.br\/vanio-o-vampiro-de-aparelho-episodio-4\/\">Epis\u00f3dio 0004 &#8211; A outra face de V\u00e2nio.<\/a><\/figcaption><\/figure>\n<\/div>\n\n\n\n<div class=\"wp-block-column is-layout-flow wp-block-column-is-layout-flow\">\n<figure class=\"wp-block-image size-large is-resized is-style-default\"><a href=\"https:\/\/quadrinhosdahora.com.br\/vanio-o-vampiro-de-aparelho-hq-5\/\"><img loading=\"lazy\" decoding=\"async\" src=\"http:\/\/quadrinhosdahora.com.br\/wp-content\/uploads\/2020\/11\/HQ-01-002-0005-01-724x1024.jpeg\" alt=\"\" class=\"wp-image-466\" width=\"190\" height=\"269\" srcset=\"https:\/\/quadrinhosdahora.com.br\/wp-content\/uploads\/2020\/11\/HQ-01-002-0005-01-724x1024.jpeg 724w, https:\/\/quadrinhosdahora.com.br\/wp-content\/uploads\/2020\/11\/HQ-01-002-0005-01-212x300.jpeg 212w, https:\/\/quadrinhosdahora.com.br\/wp-content\/uploads\/2020\/11\/HQ-01-002-0005-01-768x1086.jpeg 768w, https:\/\/quadrinhosdahora.com.br\/wp-content\/uploads\/2020\/11\/HQ-01-002-0005-01.jpeg 905w\" sizes=\"(max-width: 190px) 100vw, 190px\" \/><\/a><figcaption><a href=\"https:\/\/quadrinhosdahora.com.br\/vanio-o-vampiro-de-aparelho-episodio-5\/\">Epis\u00f3dio 0005 &#8211; Ser ou n\u00e3o ser&#8230;<\/a><\/figcaption><\/figure>\n<\/div>\n\n\n\n<div class=\"wp-block-column is-layout-flow wp-block-column-is-layout-flow\">\n<figure class=\"wp-block-image size-large is-style-default\"><a href=\"https:\/\/quadrinhosdahora.com.br\/vanio-o-vampiro-de-aparelho-hq-6\/\"><img loading=\"lazy\" decoding=\"async\" width=\"600\" height=\"750\" src=\"http:\/\/quadrinhosdahora.com.br\/wp-content\/uploads\/2020\/11\/HQ-01-002-0006-01.png\" alt=\"\" class=\"wp-image-502\" srcset=\"https:\/\/quadrinhosdahora.com.br\/wp-content\/uploads\/2020\/11\/HQ-01-002-0006-01.png 600w, https:\/\/quadrinhosdahora.com.br\/wp-content\/uploads\/2020\/11\/HQ-01-002-0006-01-240x300.png 240w\" sizes=\"(max-width: 600px) 100vw, 600px\" \/><\/a><figcaption><a href=\"https:\/\/quadrinhosdahora.com.br\/vanio-o-vampiro-de-aparelho-episodio-6\/\">Epis\u00f3dio 0006 &#8211; Festa a fantasia<\/a><\/figcaption><\/figure>\n<\/div>\n<\/div>\n\n\n<p style=\"text-align: center;\"><a href=\"https:\/\/quadrinhosdahora.com.br\/turma-do-zoiudo\/\"><img loading=\"lazy\" decoding=\"async\" class=\"wp-image-264 aligncenter\" src=\"http:\/\/quadrinhosdahora.com.br\/wp-content\/uploads\/2020\/10\/voltar-PNG-2-300x300.png\" alt=\"\" width=\"95\" height=\"95\" srcset=\"https:\/\/quadrinhosdahora.com.br\/wp-content\/uploads\/2020\/10\/voltar-PNG-2-300x300.png 300w, https:\/\/quadrinhosdahora.com.br\/wp-content\/uploads\/2020\/10\/voltar-PNG-2-150x150.png 150w, https:\/\/quadrinhosdahora.com.br\/wp-content\/uploads\/2020\/10\/voltar-PNG-2-768x768.png 768w, https:\/\/quadrinhosdahora.com.br\/wp-content\/uploads\/2020\/10\/voltar-PNG-2.png 900w\" sizes=\"(max-width: 95px) 100vw, 95px\" \/><\/a><a href=\"https:\/\/quadrinhosdahora.com.br\/turma-do-zoiudo\/\">Turma do Zoiudo &#8211; lista dos HQ Kids&#8230;<\/a><\/p>\n<p style=\"text-align: center;\"><\/p>","protected":false},"excerpt":{"rendered":"<p>Lula Moura (roteiro, dire\u00e7\u00e3o e produ\u00e7\u00e3o) &amp; C\u00edcero de Souza (desenho) Turma do Zoiudo &#8211; lista dos HQ Kids&#8230;<\/p>\n","protected":false},"author":1,"featured_media":0,"parent":0,"menu_order":0,"comment_status":"closed","ping_status":"closed","template":"","meta":{"footnotes":""},"_links":{"self":[{"href":"https:\/\/quadrinhosdahora.com.br\/index.php?rest_route=\/wp\/v2\/pages\/250"}],"collection":[{"href":"https:\/\/quadrinhosdahora.com.br\/index.php?rest_route=\/wp\/v2\/pages"}],"about":[{"href":"https:\/\/quadrinhosdahora.com.br\/index.php?rest_route=\/wp\/v2\/types\/page"}],"author":[{"embeddable":true,"href":"https:\/\/quadrinhosdahora.com.br\/index.php?rest_route=\/wp\/v2\/users\/1"}],"replies":[{"embeddable":true,"href":"https:\/\/quadrinhosdahora.com.br\/index.php?rest_route=%2Fwp%2Fv2%2Fcomments&post=250"}],"version-history":[{"count":24,"href":"https:\/\/quadrinhosdahora.com.br\/index.php?rest_route=\/wp\/v2\/pages\/250\/revisions"}],"predecessor-version":[{"id":558,"href":"https:\/\/quadrinhosdahora.com.br\/index.php?rest_route=\/wp\/v2\/pages\/250\/revisions\/558"}],"wp:attachment":[{"href":"https:\/\/quadrinhosdahora.com.br\/index.php?rest_route=%2Fwp%2Fv2%2Fmedia&parent=250"}],"curies":[{"name":"wp","href":"https:\/\/api.w.org\/{rel}","templated":true}]}}